{"id":79,"date":"2020-03-24T14:30:20","date_gmt":"2020-03-24T13:30:20","guid":{"rendered":"http:\/\/ardiphotographies.fr\/?page_id=79"},"modified":"2020-04-07T16:50:15","modified_gmt":"2020-04-07T14:50:15","slug":"lassociation","status":"publish","type":"page","link":"https:\/\/ardiphotographies.fr\/?page_id=79","title":{"rendered":"L&rsquo;association"},"content":{"rendered":"\n<p class=\"has-drop-cap\">L &lsquo;Ardi est une association loi 1901, fond\u00e9e en 1984 \u00e0 Caen par des passionn\u00e9s de l\u2019image photographique. Elle a pour objet l\u2019\u00e9tude et la diffusion de la photographie en Normandie, depuis sa naissance en 1839 jusqu\u2019\u00e0 nos jours.&nbsp;<\/p>\n\n\n\n<p>Ses recherches ont pour but de pr\u00e9server et de mettre en valeur un patrimoine photographique fragile et m\u00e9connu. Si la photographie ancienne constitue son principal champ de recherches, l\u2019Ardi soutient aussi la photographie contemporaine afin de tisser des liens entre photographie patrimoniale et cr\u00e9ation.<\/p>\n\n\n<p class=\"fonts-plugin-block\" style=\"font-weight: normal\">Le travail men\u00e9 par l\u2019association trouve son aboutissement dans la diffusion aupr\u00e8s du public : expositions, publications, conf\u00e9rences et un centre de ressources consacr\u00e9 \u00e0 la photographie.<\/p>\n\n<p class=\"fonts-plugin-block\" style=\"font-weight: normal\">L\u2019 Ardi poss\u00e8de une collection de photographies anciennes et contemporaine li\u00e9es \u00e0 la Normandie conserv\u00e9e au sein du <a href=\"http:\/\/musee-de-normandie.caen.fr\">mus\u00e9e de Normandie<\/a> et du <a href=\"https:\/\/mba.caen.fr\">mus\u00e9e des Beaux-Arts de Caen<\/a>. Elle a initi\u00e9 un important travail de num\u00e9risation et d\u2019indexation qui a conduit \u00e0 la cr\u00e9ation d\u2019une base de donn\u00e9es permettant la consultation et la diffusion des contenus de la collection sur le site <a href=\"https:\/\/collections.musees-normandie.fr\/ark:\/16418\/ard\">des Collections des mus\u00e9es de Normandie<\/a>.<\/p>\n\n\n<p class=\"has-small-font-size\"><em>L\u2019 Ardi b\u00e9n\u00e9ficie de l\u2019aide de la ville de Caen, de la r\u00e9gion Normandie , du minist\u00e8re de la Culture, Drac de Normandie, du minist\u00e8re de la Culture \u2013 Drac de Normandie,  du conseil d\u00e9partemental  du Calvados<\/em><\/p>\n","protected":false},"excerpt":{"rendered":"<p>L &lsquo;Ardi est une association loi 1901, fond\u00e9e en 1984 \u00e0 Caen par des passionn\u00e9s de l\u2019image photographique. Elle a pour objet l\u2019\u00e9tude et la diffusion de la photographie en Normandie, depuis sa naissance en 1839 jusqu\u2019\u00e0 nos jours.&nbsp; Ses recherches ont pour but de pr\u00e9server et de mettre en valeur un patrimoine photographique fragile &hellip; <\/p>\n<p class=\"link-more\"><a href=\"https:\/\/ardiphotographies.fr\/?page_id=79\" class=\"more-link\">Continuer la lecture<span class=\"screen-reader-text\"> de &laquo;&nbsp;L&rsquo;association&nbsp;&raquo;<\/span><\/a><\/p>\n","protected":false},"author":1,"featured_media":0,"parent":169,"menu_order":1,"comment_status":"closed","ping_status":"closed","template":"","meta":[],"_links":{"self":[{"href":"https:\/\/ardiphotographies.fr\/index.php?rest_route=\/wp\/v2\/pages\/79"}],"collection":[{"href":"https:\/\/ardiphotographies.fr\/index.php?rest_route=\/wp\/v2\/pages"}],"about":[{"href":"https:\/\/ardiphotographies.fr\/index.php?rest_route=\/wp\/v2\/types\/page"}],"author":[{"embeddable":true,"href":"https:\/\/ardiphotographies.fr\/index.php?rest_route=\/wp\/v2\/users\/1"}],"replies":[{"embeddable":true,"href":"https:\/\/ardiphotographies.fr\/index.php?rest_route=%2Fwp%2Fv2%2Fcomments&post=79"}],"version-history":[{"count":15,"href":"https:\/\/ardiphotographies.fr\/index.php?rest_route=\/wp\/v2\/pages\/79\/revisions"}],"predecessor-version":[{"id":680,"href":"https:\/\/ardiphotographies.fr\/index.php?rest_route=\/wp\/v2\/pages\/79\/revisions\/680"}],"up":[{"embeddable":true,"href":"https:\/\/ardiphotographies.fr\/index.php?rest_route=\/wp\/v2\/pages\/169"}],"wp:attachment":[{"href":"https:\/\/ardiphotographies.fr\/index.php?rest_route=%2Fwp%2Fv2%2Fmedia&parent=79"}],"curies":[{"name":"wp","href":"https:\/\/api.w.org\/{rel}","templated":true}]}}