{"id":539,"date":"2020-04-02T16:56:24","date_gmt":"2020-04-02T14:56:24","guid":{"rendered":"http:\/\/ardiphotographies.fr\/?page_id=539"},"modified":"2020-10-13T14:56:30","modified_gmt":"2020-10-13T12:56:30","slug":"mentions-legales","status":"publish","type":"page","link":"https:\/\/ardiphotographies.fr\/?page_id=539","title":{"rendered":"Mentions l\u00e9gales"},"content":{"rendered":"\n<p>Le site internet&nbsp;<em>ardiphotograhies.fr<\/em>&nbsp;est \u00e9dit\u00e9 par l&rsquo;Association R\u00e9gionale pour la Diffusion de l&rsquo;Image (ARDI) .<\/p>\n\n\n\n<p>Ardi \u2013 Photographies en Normandie<br>Le Ch\u00e2teau<br>14 000 Caen<br>02 31 50 04 56<br><a href=\"mailto:ardiphot@orange.fr\">ardiphot(at)orange.fr<\/a><\/p>\n\n\n\n<p><strong>Responsable \u00e9ditorial<br><\/strong>Gilles Boussard<br><strong>Conception \u00e9ditoriale<br><\/strong>C\u00e9line Ernaelsteen<\/p>\n\n\n\n<p><strong>Site h\u00e9berg\u00e9 par OVH<br><\/strong>SAS au capital de 10 069 020 \u20ac<br>RCS Lille M\u00e9tropole 424 761 419 00045<br>Code APE 2620Z<br>N\u00b0 TVA : FR 22 424 761 419<br> 2 rue Kellermann &#8211; 59100 Roubaix <br>OVH SAS est une filiale de la soci\u00e9t\u00e9 OVH Groupe SAS, soci\u00e9t\u00e9 immatricul\u00e9e au RCS de Lille sous le num\u00e9ro 537 407 926 sise 2, rue Kellermann, 59100 Roubaix.<\/p>\n\n\n\n<p><strong>Conditions<\/strong><em> <\/em><strong>d\u2019utilisation<\/strong><br>La reproduction des images, des textes, des documents t\u00e9l\u00e9chargeables et  d\u2019une mani\u00e8re g\u00e9n\u00e9rale, de tout ou partie du site&nbsp;<em>ardiphotographies.fr<\/em>, est formellement interdite, sauf autorisation de l&rsquo;Ardi.<br>Le site&nbsp;<em>ardiphotographies.fr<\/em>&nbsp;rel\u00e8ve de la l\u00e9gislation fran\u00e7aise et internationale sur le droit d\u2019auteur et la propri\u00e9t\u00e9 intellectuelle. Tous les droits des auteurs des \u0153uvres prot\u00e9g\u00e9es reproduites et communiqu\u00e9es sur ce site sont r\u00e9serv\u00e9s. Sauf autorisation, toute utilisation des \u0153uvres autre que la consultation individuelle et priv\u00e9e est interdite.<\/p>\n\n\n\n<p><strong>Droit d\u2019acc\u00e8s<\/strong><\/p>\n\n\n\n<p>Sont exclusivement conc\u00e9d\u00e9s les droits suivants :<\/p>\n\n\n\n<ul><li>un droit d\u2019usage priv\u00e9, individuel, personnel et non transmissible sur le contenu du site ou de l\u2019un de ses \u00e9l\u00e9ments.<\/li><li>un droit de reproduction pour stockage aux fins de repr\u00e9sentation sur un \u00e9cran monoposte et de reproduction, en un exemplaire, pour copie de sauvegarde ou tirage sur papier.<\/li><li>La mise en place d\u2019un lien hypertexte pointant vers le contenu du site ou de l\u2019un de ses \u00e9l\u00e9ments, sous r\u00e9serve de :<ul><li>le rendre accessible par l\u2019ouverture d\u2019une nouvelle fen\u00eatre.<\/li><li>mentionner la source qui pointera gr\u00e2ce \u00e0 un lien hypertexte directement sur le contenu vis\u00e9.<\/li><li>ne pas utiliser ces informations \u00e0 des fins commerciales ou publicitaires.<\/li><\/ul><\/li><\/ul>\n\n\n\n<p>Cette autorisation ne s\u2019applique pas aux sites internet diffusant des informations \u00e0 caract\u00e8re pol\u00e9mique, pornographique, x\u00e9nophobe ou pouvant, dans une plus large mesure porter atteinte \u00e0 la sensibilit\u00e9 du plus grand nombre.<\/p>\n\n\n\n<p><\/p>\n","protected":false},"excerpt":{"rendered":"<p>Le site internet&nbsp;ardiphotograhies.fr&nbsp;est \u00e9dit\u00e9 par l&rsquo;Association R\u00e9gionale pour la Diffusion de l&rsquo;Image (ARDI) . Ardi \u2013 Photographies en NormandieLe Ch\u00e2teau14 000 Caen02 31 50 04 56ardiphot(at)orange.fr Responsable \u00e9ditorialGilles BoussardConception \u00e9ditorialeC\u00e9line Ernaelsteen Site h\u00e9berg\u00e9 par OVHSAS au capital de 10 069 020 \u20acRCS Lille M\u00e9tropole 424 761 419 00045Code APE 2620ZN\u00b0 TVA : FR 22 424 &hellip; <\/p>\n<p class=\"link-more\"><a href=\"https:\/\/ardiphotographies.fr\/?page_id=539\" class=\"more-link\">Continuer la lecture<span class=\"screen-reader-text\"> de &laquo;&nbsp;Mentions l\u00e9gales&nbsp;&raquo;<\/span><\/a><\/p>\n","protected":false},"author":1,"featured_media":0,"parent":0,"menu_order":0,"comment_status":"closed","ping_status":"closed","template":"","meta":[],"_links":{"self":[{"href":"https:\/\/ardiphotographies.fr\/index.php?rest_route=\/wp\/v2\/pages\/539"}],"collection":[{"href":"https:\/\/ardiphotographies.fr\/index.php?rest_route=\/wp\/v2\/pages"}],"about":[{"href":"https:\/\/ardiphotographies.fr\/index.php?rest_route=\/wp\/v2\/types\/page"}],"author":[{"embeddable":true,"href":"https:\/\/ardiphotographies.fr\/index.php?rest_route=\/wp\/v2\/users\/1"}],"replies":[{"embeddable":true,"href":"https:\/\/ardiphotographies.fr\/index.php?rest_route=%2Fwp%2Fv2%2Fcomments&post=539"}],"version-history":[{"count":5,"href":"https:\/\/ardiphotographies.fr\/index.php?rest_route=\/wp\/v2\/pages\/539\/revisions"}],"predecessor-version":[{"id":765,"href":"https:\/\/ardiphotographies.fr\/index.php?rest_route=\/wp\/v2\/pages\/539\/revisions\/765"}],"wp:attachment":[{"href":"https:\/\/ardiphotographies.fr\/index.php?rest_route=%2Fwp%2Fv2%2Fmedia&parent=539"}],"curies":[{"name":"wp","href":"https:\/\/api.w.org\/{rel}","templated":true}]}}